{"id":16,"date":"2025-02-06T15:56:57","date_gmt":"2025-02-06T14:56:57","guid":{"rendered":"https:\/\/flamencos.symforma.design\/?page_id=16"},"modified":"2025-12-10T12:45:12","modified_gmt":"2025-12-10T11:45:12","slug":"ueberblick","status":"publish","type":"page","link":"https:\/\/www.flamencos-enroute.com\/en\/","title":{"rendered":"Overview"},"content":{"rendered":"<section class=\"bde-section-16-100 bde-section\">\n  \n  \n\t\n\n\n\n<div class=\"section-container\"><div class=\"bde-video-16-103 bde-video\">\n<div class=\"ee-video-container\">\n            <video class=\"ee-video\" src=\"https:\/\/www.flamencos-enroute.com\/wp-content\/uploads\/2025\/02\/News-Flamencos-en-route.mp4\"\n                               controls='true'                poster='https:\/\/www.flamencos-enroute.com\/wp-content\/uploads\/2025\/02\/obsesion2-scaled-1.jpeg'                                                controlsList=\"nodownload\"                playsinline\n        >\n        <\/video>\n    \n    <\/div>\n\n<\/div><div class=\"bde-rich-text-16-101 bde-rich-text breakdance-rich-text-styles\">\n<p>Die Tanzcompagnie \u00abFlamencos en route\u00bb steht f\u00fcr eine unverwechselbare Verbindung von Flamenco und zeitgen\u00f6ssischer Tanzkunst, die die europ\u00e4ische Tanzszene nachhaltig gepr\u00e4gt hat. Inspiriert von der vision\u00e4ren Zusammenarbeit mit Susana, einer Ikone des Flamencos, und Antonio Robledo, einem gefeierten Komponisten, entwickelte die Compagnie unter der k\u00fcnstlerischen Leitung von Brigitta Luisa Merki eine einzigartige Tanzsprache, die Geschichten von menschlichen Archetypen und leidenschaftlichen Beziehungen mit aussergew\u00f6hnlicher erz\u00e4hlerischer Kraft zum Leben erweckte.<\/p>\n<p>Derzeit liegt der Fokus auf der Dokumentation und Katalogisierung des reichen k\u00fcnstlerischen Erbes, begleitet von der Suche nach neuen Kollaborationen mit K\u00fcnstler*innen, um die kreative Arbeit weiterzuf\u00fchren und neue Impulse zu setzen. Wir sind en route!<\/p>\n<\/div><\/div>\n<\/section><section class=\"bde-section-16-189 bde-section\">\n  \n  \n\t\n\n\n\n<div class=\"section-container\"><h1 class=\"bde-heading-16-190 bde-heading animate-text\">\nAktuelles\n<\/h1><div class=\"bde-post-loop-16-191 bde-post-loop\">\n<div class=\"bde-loop bde-loop- ee-posts ee-posts-\">    <article class=\"bde-loop-item ee-post\">\n    <div class=\"bde-div-6533-110-6986-6533-1 bde-div bde-div-6533-110\">\n  \n  \n\t\n\n\n\n<div class=\"bde-text-6533-109-6986-6533-1 bde-text bde-text-6533-109\">\n\n<\/div><div class=\"bde-fancy-divider-6533-105-6986-6533-1 bde-fancy-divider bde-fancy-divider-6533-105\">\n\n\n<div class=\"bde-fancy-divider__wrapper\">\n  <div class=\"bde-fancy-divider__separator   \">\n  \t  <\/div>\n<\/div>\n\n<\/div><div class=\"bde-columns-6533-111-6986-6533-1 bde-columns bde-columns-6533-111\"><div class=\"bde-column-6533-112-6986-6533-1 bde-column bde-column-6533-112\">\n  \n  \n\t\n\n\n\n<div class=\"bde-text-6533-117-6986-6533-1 bde-text bde-text-6533-117\">\nHommage an Antonio Robledo\n<\/div>\n<\/div><div class=\"bde-column-6533-113-6986-6533-1 bde-column bde-column-6533-113\">\n  \n  \n\t\n\n\n\n<div class=\"bde-rich-text-6533-116-6986-6533-1 bde-rich-text bde-rich-text-6533-116 breakdance-rich-text-styles\">\n\n<p class=\"wp-block-paragraph\">Como el amor<br>f\u00fcr Flamencogesang, piano, Streichorchester und Flamencoperkussion<\/p>\n\n\n\n<p class=\"wp-block-paragraph\">Weltpremi\u00e8re, Juan Carlos Garvayo<br>X Granada Guitar Festival, 29. Juli, 2026, 21 Uhr<br>Auditorio Manuel de Falla<br><a href=\"https:\/\/www.redentradas.com\" target=\"_blank\" rel=\"noopener\" title=\"\">www.redentradas.com<\/a><\/p>\n\n\n\n<p class=\"wp-block-paragraph\">Orquesta Ciudad de Granada<br>Manuel Coves, director<br>Antonio el Turry, cantaor<br>Juan Carlos Garvayo, pianista<br>Agust\u00edn Diassera percusionista<\/p>\n\n<\/div>\n<\/div><\/div>\n<\/div>    <\/article>\n        <article class=\"bde-loop-item ee-post\">\n    <div class=\"bde-div-6533-110-6953-6533-1 bde-div bde-div-6533-110\">\n  \n  \n\t\n\n\n\n<div class=\"bde-text-6533-109-6953-6533-1 bde-text bde-text-6533-109\">\n\n<\/div><div class=\"bde-fancy-divider-6533-105-6953-6533-1 bde-fancy-divider bde-fancy-divider-6533-105\">\n\n\n<div class=\"bde-fancy-divider__wrapper\">\n  <div class=\"bde-fancy-divider__separator   \">\n  \t  <\/div>\n<\/div>\n\n<\/div><div class=\"bde-columns-6533-111-6953-6533-1 bde-columns bde-columns-6533-111\"><div class=\"bde-column-6533-112-6953-6533-1 bde-column bde-column-6533-112\">\n  \n  \n\t\n\n\n\n<div class=\"bde-text-6533-117-6953-6533-1 bde-text bde-text-6533-117\">\n\u00d6ffentliche Pr\u00e4sentation des Videobooks\n<\/div>\n<\/div><div class=\"bde-column-6533-113-6953-6533-1 bde-column bde-column-6533-113\">\n  \n  \n\t\n\n\n\n<div class=\"bde-rich-text-6533-116-6953-6533-1 bde-rich-text bde-rich-text-6533-116 breakdance-rich-text-styles\">\n\n<p class=\"wp-block-paragraph\">Vernissage Videobook \u00abFlamencos en route\u00bb<br>7. Juni | Matin\u00e9e, 11 Uhr |\u00a0Kino Trafo, Baden<br>Im Anschluss laden wir herzlich zu einem Ap\u00e9ro ein.<\/p>\n\n\n\n<p class=\"wp-block-paragraph\">Die Veranstaltung ist kostenlos, Anmeldung erforderlich unter:<br>enroute@flamencos-enroute.com<br>(Betreff: Anmeldung Vernissage Videobook)<\/p>\n\n\n\n<p class=\"wp-block-paragraph\">Wir freuen uns, diesen Moment mit euch zu teilen \u2013 und gemeinsam in diese besondere Welt einzutauchen.<\/p>\n\n<\/div>\n<\/div><\/div>\n<\/div>    <\/article>\n        <article class=\"bde-loop-item ee-post\">\n    <div class=\"bde-div-6533-110-6790-6533-1 bde-div bde-div-6533-110\">\n  \n  \n\t\n\n\n\n<div class=\"bde-text-6533-109-6790-6533-1 bde-text bde-text-6533-109\">\n\n<\/div><div class=\"bde-fancy-divider-6533-105-6790-6533-1 bde-fancy-divider bde-fancy-divider-6533-105\">\n\n\n<div class=\"bde-fancy-divider__wrapper\">\n  <div class=\"bde-fancy-divider__separator   \">\n  \t  <\/div>\n<\/div>\n\n<\/div><div class=\"bde-columns-6533-111-6790-6533-1 bde-columns bde-columns-6533-111\"><div class=\"bde-column-6533-112-6790-6533-1 bde-column bde-column-6533-112\">\n  \n  \n\t\n\n\n\n<div class=\"bde-text-6533-117-6790-6533-1 bde-text bde-text-6533-117\">\n\u00abKANTI TALK\u00bb\n<\/div>\n<\/div><div class=\"bde-column-6533-113-6790-6533-1 bde-column bde-column-6533-113\">\n  \n  \n\t\n\n\n\n<div class=\"bde-rich-text-6533-116-6790-6533-1 bde-rich-text bde-rich-text-6533-116 breakdance-rich-text-styles\">\n\n<p class=\"wp-block-paragraph\">14. Dezember 2025, 10.30 Uhr &#8211; Aula Kanti Wohlen <\/p>\n\n\n\n<p class=\"wp-block-paragraph\">mit Brigitta Luisa Merki, Choreografin und Pascal Gregor, Kirchenratspr\u00e4sident, Moderation, Annelies Schr\u00f6ter.<\/p>\n\n\n\n<p class=\"wp-block-paragraph\">Reservation: kanti-forum.ch<br><\/p>\n\n\n\n<p class=\"wp-block-paragraph\"><\/p>\n\n<\/div>\n<\/div><\/div>\n<\/div>    <\/article>\n        <article class=\"bde-loop-item ee-post\">\n    <div class=\"bde-div-6533-110-2389-6533-1 bde-div bde-div-6533-110\">\n  \n  \n\t\n\n\n\n<div class=\"bde-text-6533-109-2389-6533-1 bde-text bde-text-6533-109\">\n\n<\/div><div class=\"bde-fancy-divider-6533-105-2389-6533-1 bde-fancy-divider bde-fancy-divider-6533-105\">\n\n\n<div class=\"bde-fancy-divider__wrapper\">\n  <div class=\"bde-fancy-divider__separator   \">\n  \t  <\/div>\n<\/div>\n\n<\/div><div class=\"bde-columns-6533-111-2389-6533-1 bde-columns bde-columns-6533-111\"><div class=\"bde-column-6533-112-2389-6533-1 bde-column bde-column-6533-112\">\n  \n  \n\t\n\n\n\n<div class=\"bde-text-6533-117-2389-6533-1 bde-text bde-text-6533-117\">\nKonzerte Robledo\n<\/div>\n<\/div><div class=\"bde-column-6533-113-2389-6533-1 bde-column bde-column-6533-113\">\n  \n  \n\t\n\n\n\n<div class=\"bde-rich-text-6533-116-2389-6533-1 bde-rich-text bde-rich-text-6533-116 breakdance-rich-text-styles\">\n\n<p class=\"wp-block-paragraph\"><\/p>\n\n\n\n<p class=\"wp-block-paragraph\">29. Oktober 2025 &#8211; XX SUMA FLAMENCA, Festival Flamenco de la Comunidad de Madrid-Teatros del Canal Madrid<br>\u00ab Soleares de concierto \u00bb von Antonio Robledo<br>\u00ab Alegro Solea \u00bb von Antonio Robledo und Enrique Morente<br>Orquesta de la Comunidad de Madrid, Dirigent Manuel Busto,  Cante, Antonio el Turrry,  Piano, Juan Carlos Garvayo&nbsp;&nbsp;&nbsp;&nbsp; <\/p>\n\n\n\n<p class=\"wp-block-paragraph\">27. Oktober 2025 &#8211; Ateneo de Madrid &#8211; secci\u00f3n M\u00fasica \u00ab Antonio Robledo: pasi\u00f3n por el Flamenco\u201d \u00d6ffentliches Gespr\u00e4ch mit der Choreografin Brigitta Luisa Merki und dem Pianisten Juan Carlos Garvay<\/p>\n\n\n\n<p class=\"wp-block-paragraph\">5. September 2025 &#8211; Bienal de Flamenco Granada 2025- Plaza de Toros \u00ab Alegro Solea\u00bb von Antonio Robledo und Enrique Morente. Orquesta Ciudad de Granada, Dirigent Lucas Mac\u00edas, Cante, Antonio el Turry, Piano, Juan Carlos Garvayo<\/p>\n\n\n\n<p class=\"wp-block-paragraph\"><\/p>\n\n<\/div>\n<\/div><\/div>\n<\/div>    <\/article>\n        <article class=\"bde-loop-item ee-post\">\n    <div class=\"bde-div-6533-110-2391-6533-1 bde-div bde-div-6533-110\">\n  \n  \n\t\n\n\n\n<div class=\"bde-text-6533-109-2391-6533-1 bde-text bde-text-6533-109\">\n\n<\/div><div class=\"bde-fancy-divider-6533-105-2391-6533-1 bde-fancy-divider bde-fancy-divider-6533-105\">\n\n\n<div class=\"bde-fancy-divider__wrapper\">\n  <div class=\"bde-fancy-divider__separator   \">\n  \t  <\/div>\n<\/div>\n\n<\/div><div class=\"bde-columns-6533-111-2391-6533-1 bde-columns bde-columns-6533-111\"><div class=\"bde-column-6533-112-2391-6533-1 bde-column bde-column-6533-112\">\n  \n  \n\t\n\n\n\n<div class=\"bde-text-6533-117-2391-6533-1 bde-text bde-text-6533-117\">\nVideobook\n<\/div>\n<\/div><div class=\"bde-column-6533-113-2391-6533-1 bde-column bde-column-6533-113\">\n  \n  \n\t\n\n\n\n<div class=\"bde-rich-text-6533-116-2391-6533-1 bde-rich-text bde-rich-text-6533-116 breakdance-rich-text-styles\">\n\n<p class=\"wp-block-paragraph\">Zur Zeit entsteht das neuste k\u00fcnstlerische Projekt, ein umfangreiches Videobook, das die k\u00fcnstlerische Arbeit von Brigitta Luisa Merki und Flamencos en route eindrucksvoll dokumentiert. Dieses audiovisuelle Werk gibt in verschiedenen Kapiteln Einblicke in die kreative Entwicklung, in Choreografien und in die langj\u00e4hrige Schaffensgeschichte der Compagnie. Die Ver\u00f6ffentlichung des Videobooks ist f\u00fcr 2026 geplant.<\/p>\n\n\n\n<p class=\"wp-block-paragraph\"><\/p>\n\n<\/div>\n<\/div><\/div>\n<\/div>    <\/article>\n        <article class=\"bde-loop-item ee-post\">\n    <div class=\"bde-div-6533-110-2392-6533-1 bde-div bde-div-6533-110\">\n  \n  \n\t\n\n\n\n<div class=\"bde-text-6533-109-2392-6533-1 bde-text bde-text-6533-109\">\n\n<\/div><div class=\"bde-fancy-divider-6533-105-2392-6533-1 bde-fancy-divider bde-fancy-divider-6533-105\">\n\n\n<div class=\"bde-fancy-divider__wrapper\">\n  <div class=\"bde-fancy-divider__separator   \">\n  \t  <\/div>\n<\/div>\n\n<\/div><div class=\"bde-columns-6533-111-2392-6533-1 bde-columns bde-columns-6533-111\"><div class=\"bde-column-6533-112-2392-6533-1 bde-column bde-column-6533-112\">\n  \n  \n\t\n\n\n\n<div class=\"bde-text-6533-117-2392-6533-1 bde-text bde-text-6533-117\">\nArchivierung\n<\/div>\n<\/div><div class=\"bde-column-6533-113-2392-6533-1 bde-column bde-column-6533-113\">\n  \n  \n\t\n\n\n\n<div class=\"bde-rich-text-6533-116-2392-6533-1 bde-rich-text bde-rich-text-6533-116 breakdance-rich-text-styles\">\n\n<p class=\"wp-block-paragraph\">Die umfangreiche Archivierung der jahrzehntelangen Arbeit von Flamencos en route ist in vollem Gange. Aktuell werden unz\u00e4hlige Fotos, Videos, Notizen sowie k\u00fcnstlerische Kooperationen gesichtet und geordnet. S\u00e4mtliche Materialien von Flamencos en route werden 2026 vom Schweizer Archiv der Darstellenden K\u00fcnste (SAPA) in den Archivbestand aufgenommen.<br><\/p>\n\n<\/div>\n<\/div><\/div>\n<\/div>    <\/article>\n    <\/div>\n\n<\/div><div class=\"bde-div-16-192 bde-div\">\n  \n  \n\t\n\n\n\n<div class=\"bde-div-16-193 bde-div\">\n  \n  \n\t\n\n\n\n<div class=\"bde-text-16-194 bde-text animate-text\">\nAuf dem Laufenden Bleiben\n<\/div>\n<\/div><div class=\"bde-div-16-195 bde-div\">\n  \n  \n\t\n\n\n\n<div class=\"bde-form-builder-16-196 bde-form-builder\">\n\n\n<form id=\"newsletter196\" class=\"breakdance-form breakdance-form--vertical\" data-options=\"{&quot;slug&quot;:&quot;custom&quot;,&quot;name&quot;:&quot;Newsletter&quot;,&quot;ajaxUrl&quot;:&quot;https:\\\/\\\/www.flamencos-enroute.com\\\/wp-admin\\\/admin-ajax.php&quot;,&quot;clearOnSuccess&quot;:true,&quot;hideOnSuccess&quot;:false,&quot;successMessage&quot;:&quot;Vielen Dank f\\u00fcr deine Anmeldung.&quot;,&quot;errorMessage&quot;:&quot;Etwas hat nicht geklappt.&quot;,&quot;redirect&quot;:false,&quot;redirectUrl&quot;:&quot;&quot;,&quot;customJavaScript&quot;:&quot;&quot;,&quot;recaptcha&quot;:{&quot;key&quot;:&quot;&quot;,&quot;enabled&quot;:false},&quot;honeypot_enabled&quot;:true,&quot;popupsOnSuccess&quot;:[],&quot;popupsOnError&quot;:[]}\" data-steps=\"0\" >\n  \n  \n  \n<div class=\"breakdance-form-field breakdance-form-field--email breakdance-form-field__hide-label\" >\n    \n    \n            <label class=\"breakdance-form-field__label\" for=\"email\">\n            Email<span class=\"breakdance-form-field__required\">*<\/span>\n        <\/label>\n    \n    <input\n    class=\"breakdance-form-field__input\"\n    id=\"email\"\n    aria-describedby=\"email\"\n    type=\"email\"\n    name=\"fields[email]\"\n    placeholder=\"E-Mail-Adresse\"\n    value=\"\"\n                \n        \n        \n    required\n    \n    \n>\n\n\n    \n    \n<\/div>\n\n\n<div class=\"breakdance-form-field breakdance-form-field--hpinput\" >\n    \n    \n            <label class=\"breakdance-form-field__label\" for=\"hpname\">\n            HP Name\n        <\/label>\n    \n    <input\n    class=\"breakdance-form-field__input\"\n    id=\"hpname\"\n    aria-describedby=\"hpname\"\n    type=\"hpinput\"\n    name=\"fields[hpname]\"\n    placeholder=\"\"\n    value=\"\"\n                \n        \n        \n    \n    autocomplete=\"off\"\n    tabindex=-1\n>\n\n\n    \n    \n<\/div>\n\n\n  \n\n<div class=\"breakdance-form-field breakdance-form-footer\">\n    \n    \n                                    \n    \n    \n    \n    \n            \n            <button type=\"submit\" class=\"button-atom button-atom--primary breakdance-form-button breakdance-form-button__submit\"  >\n    \n        <span class=\"button-atom__text\">Anmelden<\/span>\n\n        \n        \n            <\/button>\n    \n    <input type=\"hidden\" name=\"form_id\" value=\"196\">\n    <input type=\"hidden\" name=\"post_id\" value=\"16\">\n<\/div>\n\n  \n<\/form>\n\n\n\n<\/div>\n<\/div>\n<\/div><\/div>\n<\/section>","protected":false},"excerpt":{"rendered":"<p>Die Tanzcompagnie \u00abFlamencos en route\u00bb steht f\u00fcr eine unverwechselbare Verbindung von Flamenco und zeitgen\u00f6ssischer Tanzkunst, die die europ\u00e4ische Tanzszene nachhaltig gepr\u00e4gt hat. Inspiriert von der vision\u00e4ren Zusammenarbeit mit Susana, einer Ikone des Flamencos, und Antonio Robledo, einem gefeierten Komponisten, entwickelte die Compagnie unter der k\u00fcnstlerischen Leitung von Brigitta Luisa Merki eine einzigartige Tanzsprache, die Geschichten [&hellip;]<\/p>\n","protected":false},"author":2,"featured_media":0,"parent":0,"menu_order":0,"comment_status":"closed","ping_status":"closed","template":"","meta":{"_acf_changed":false,"slim_seo":{"title":"Flamencos en route","description":"The dance company \"Flamencos en route\" stands for an unmistakable combination of flamenco and contemporary dance art that has revolutionized the European dance scene."},"_breakdance_hide_in_design_set":false,"_breakdance_tags":"","footnotes":""},"class_list":["post-16","page","type-page","status-publish","hentry"],"acf":[],"_links":{"self":[{"href":"https:\/\/www.flamencos-enroute.com\/en\/wp-json\/wp\/v2\/pages\/16","targetHints":{"allow":["GET"]}}],"collection":[{"href":"https:\/\/www.flamencos-enroute.com\/en\/wp-json\/wp\/v2\/pages"}],"about":[{"href":"https:\/\/www.flamencos-enroute.com\/en\/wp-json\/wp\/v2\/types\/page"}],"author":[{"embeddable":true,"href":"https:\/\/www.flamencos-enroute.com\/en\/wp-json\/wp\/v2\/users\/2"}],"replies":[{"embeddable":true,"href":"https:\/\/www.flamencos-enroute.com\/en\/wp-json\/wp\/v2\/comments?post=16"}],"version-history":[{"count":7,"href":"https:\/\/www.flamencos-enroute.com\/en\/wp-json\/wp\/v2\/pages\/16\/revisions"}],"predecessor-version":[{"id":6870,"href":"https:\/\/www.flamencos-enroute.com\/en\/wp-json\/wp\/v2\/pages\/16\/revisions\/6870"}],"wp:attachment":[{"href":"https:\/\/www.flamencos-enroute.com\/en\/wp-json\/wp\/v2\/media?parent=16"}],"curies":[{"name":"wp","href":"https:\/\/api.w.org\/{rel}","templated":true}]}}